{"id":177,"date":"2025-01-01T17:02:40","date_gmt":"2025-01-01T17:02:40","guid":{"rendered":"https:\/\/www.guneyazerbaycan.org\/tr\/?page_id=177"},"modified":"2025-02-02T16:17:38","modified_gmt":"2025-02-02T16:17:38","slug":"amac","status":"publish","type":"page","link":"https:\/\/www.guneyazerbaycan.org\/tr\/dan-ulduzu\/amac\/","title":{"rendered":"G\u00fcney Azerbaycan Milli Hareket\u0131n\u0131n Amac\u0131"},"content":{"rendered":"\n<p><em>\u201cG\u00fcney Azerbaycan Milli Hareketinin tek amac\u0131 vard\u0131r, o da G\u00fcney Azerbaycan\u0131n milli devlitini yeniden qurmaqd\u0131r.\u201d<\/em><\/p>\n\n\n\n<p>Devlet kurmak insanl\u0131\u011f\u0131n en b\u00fcy\u00fck ba\u015far\u0131s\u0131, T\u00fcrk t\u00f6re ve geleneklerinin temelidir. Devlet, bir yurt ve vatanda ya\u015fayan insanlar\u0131n en \u00fcst y\u00f6netim arac\u0131d\u0131r. Bir toplumu birle\u015ftirip, millet yapan s\u00f6zle\u015fme ve mekanizman\u0131n ad\u0131d\u0131r. Devlet, belirli bir vatanda, milletin siyasi birli\u011finden do\u011fan hukuki bir varl\u0131kt\u0131r, yani milletin iradesinin tecellisidir. Toplumu temsil eden bir devlet varsa insanlar biz olur, yani millet olur. Yoksa birbirinden ayr\u0131 kal\u0131p, ba\u015fka milletlerin ayaklar\u0131 alt\u0131nda yok olur. Milli devlet olmazsa, milli birlik de olmaz, milli birli\u011fi olmayan toplumun da faaliyet kabiliyeti olmaz.<\/p>\n\n\n\n<figure class=\"wp-block-image size-large\"><img loading=\"lazy\" decoding=\"async\" width=\"1024\" height=\"337\" src=\"https:\/\/www.guneyazerbaycan.org\/wp-content\/uploads\/2025\/01\/guney-azerbaycan-milli-hareketinin-amaci-milli-dovleti-tr-1024x337.png\" alt=\"t\u00fcrkler iran iran, tebriz, amac\" class=\"wp-image-457\" srcset=\"https:\/\/www.guneyazerbaycan.org\/wp-content\/uploads\/2025\/01\/guney-azerbaycan-milli-hareketinin-amaci-milli-dovleti-tr-1024x337.png 1024w, https:\/\/www.guneyazerbaycan.org\/wp-content\/uploads\/2025\/01\/guney-azerbaycan-milli-hareketinin-amaci-milli-dovleti-tr-300x99.png 300w, https:\/\/www.guneyazerbaycan.org\/wp-content\/uploads\/2025\/01\/guney-azerbaycan-milli-hareketinin-amaci-milli-dovleti-tr-768x253.png 768w, https:\/\/www.guneyazerbaycan.org\/wp-content\/uploads\/2025\/01\/guney-azerbaycan-milli-hareketinin-amaci-milli-dovleti-tr.png 1496w\" sizes=\"auto, (max-width: 1024px) 100vw, 1024px\" \/><\/figure>\n\n\n\n<p>G\u00fcney Azerbaycan T\u00fcrklerinin, sosyal ve ekonomik alanlarda \u00f6zg\u00fcrl\u00fc\u011f\u00fc ve geli\u015fimi i\u00e7in, \u00f6nce G\u00fcney Azerbaycan&#8217;\u0131n kendisi \u00f6zg\u00fcr olup, milli devletini kurmal\u0131d\u0131r. Mahkum milletin yetkisi hi\u00e7bir zaman kendinde olmaz. Onun kaderini hakim milletlerin temsilcileri belirler, onlar da, kendi milletlerinin \u00e7\u0131karlar\u0131n\u0131 g\u00fcder. Yani milli devleti olmayan bir halk\u0131n sosyal \u00f6zg\u00fcrl\u00fc\u011f\u00fc, demokrasiye ula\u015fmas\u0131 ve ekonomik geli\u015fimi m\u00fcmk\u00fcn de\u011fildir. Biz devletsiz kald\u0131\u011f\u0131m\u0131z son y\u00fcz y\u0131lda, ya\u015fad\u0131\u011f\u0131m\u0131z b\u00fcy\u00fck felaketler, dertler, hakaretler ve adaletsizliklerin, devletsizlikten ba\u015f\u0131m\u0131za geldi\u011fini anlay\u0131p, dersimizi ald\u0131k. Ve biliyoruz ki, bir milletin \u00f6zg\u00fcrl\u00fc\u011f\u00fcn\u00fc koruyabilecek tek g\u00fc\u00e7, onun milli devletidir. Bu y\u00fczden, bu felaketlerden kurtulup, m\u00fcreffeh, \u00f6zg\u00fcr ve onurlu ya\u015famak i\u00e7in, bizi temsil eden ve bizi biz yapan bir milli devlet istiyoruz. \u015e\u00fcphesiz, vatan\u0131m\u0131z Azerbaycan i\u00e7in, milletimizin refah\u0131 ve mutlulu\u011fu i\u00e7in, hayat\u0131m\u0131z, namusumuz, \u015ferefimiz, gelece\u011fimiz ve inand\u0131\u011f\u0131m\u0131z kutsallar\u0131m\u0131z i\u00e7in yani her \u015feyimiz i\u00e7in, b\u00fct\u00fcn duygular\u0131m\u0131zla, uyan\u0131kl\u0131\u011f\u0131m\u0131zla ve g\u00fcc\u00fcm\u00fczle, G\u00fcney Azerbaycan milli devletini kurup-korumak i\u00e7in m\u00fccadele ediyoruz ve edece\u011fiz. Bunu da bir se\u00e7im olarak de\u011fil, insanl\u0131k g\u00f6revimiz biliyoruz. Bu g\u00f6revimizi yerine getirmek i\u00e7in, ilkeler ve stratejilerimizi dikkatle belirleyip, tek hedefimiz, yani milli devletimizi kurmak i\u00e7in m\u00fccadele etmeliyiz. Bizim i\u00e7in en b\u00fcy\u00fck tehlike, hedefimizin \u00e7ok y\u00fcksek olmas\u0131 ve onun i\u00e7in \u00e7\u0131rp\u0131nmak de\u011fil, hedefimizin \u00e7ok d\u00fc\u015f\u00fck ve k\u00fc\u00e7\u00fck \u00e7\u0131karlar olmas\u0131d\u0131r. \u0130\u00e7imizde b\u00fcy\u00fck hedef yoksa, d\u00fcnyan\u0131n bize verebilece\u011fi hi\u00e7bir \u015fey yoktur. B\u00fcy\u00fck hedefimiz olsa ve ona \u0131srar edip onun i\u00e7in m\u00fccadele etsek, imkans\u0131zlar m\u00fcmk\u00fcn, m\u00fcmk\u00fcnler ihtimal ve ihtimaller kesin olacakt\u0131r.<\/p>\n\n\n\n<p><\/p>\n","protected":false},"excerpt":{"rendered":"<p>\u201cG\u00fcney Azerbaycan Milli Hareketinin tek amac\u0131 vard\u0131r, o da G\u00fcney Azerbaycan\u0131n milli devlitini yeniden qurmaqd\u0131r.\u201d Devlet kurmak insanl\u0131\u011f\u0131n en b\u00fcy\u00fck ba\u015far\u0131s\u0131, T\u00fcrk t\u00f6re ve geleneklerinin temelidir. Devlet, bir yurt ve vatanda ya\u015fayan insanlar\u0131n en \u00fcst y\u00f6netim arac\u0131d\u0131r. Bir toplumu birle\u015ftirip, millet yapan s\u00f6zle\u015fme ve mekanizman\u0131n ad\u0131d\u0131r. Devlet, belirli bir vatanda, milletin siyasi birli\u011finden do\u011fan hukuki [&hellip;]<\/p>\n","protected":false},"author":1,"featured_media":440,"parent":21,"menu_order":0,"comment_status":"closed","ping_status":"closed","template":"danulduzu","meta":{"footnotes":""},"class_list":["post-177","page","type-page","status-publish","has-post-thumbnail","hentry"],"_links":{"self":[{"href":"https:\/\/www.guneyazerbaycan.org\/tr\/wp-json\/wp\/v2\/pages\/177","targetHints":{"allow":["GET"]}}],"collection":[{"href":"https:\/\/www.guneyazerbaycan.org\/tr\/wp-json\/wp\/v2\/pages"}],"about":[{"href":"https:\/\/www.guneyazerbaycan.org\/tr\/wp-json\/wp\/v2\/types\/page"}],"author":[{"embeddable":true,"href":"https:\/\/www.guneyazerbaycan.org\/tr\/wp-json\/wp\/v2\/users\/1"}],"replies":[{"embeddable":true,"href":"https:\/\/www.guneyazerbaycan.org\/tr\/wp-json\/wp\/v2\/comments?post=177"}],"version-history":[{"count":24,"href":"https:\/\/www.guneyazerbaycan.org\/tr\/wp-json\/wp\/v2\/pages\/177\/revisions"}],"predecessor-version":[{"id":537,"href":"https:\/\/www.guneyazerbaycan.org\/tr\/wp-json\/wp\/v2\/pages\/177\/revisions\/537"}],"up":[{"embeddable":true,"href":"https:\/\/www.guneyazerbaycan.org\/tr\/wp-json\/wp\/v2\/pages\/21"}],"wp:featuredmedia":[{"embeddable":true,"href":"https:\/\/www.guneyazerbaycan.org\/tr\/wp-json\/wp\/v2\/media\/440"}],"wp:attachment":[{"href":"https:\/\/www.guneyazerbaycan.org\/tr\/wp-json\/wp\/v2\/media?parent=177"}],"curies":[{"name":"wp","href":"https:\/\/api.w.org\/{rel}","templated":true}]}}