{"id":21,"date":"2024-12-29T20:00:50","date_gmt":"2024-12-29T20:00:50","guid":{"rendered":"https:\/\/www.guneyazerbaycan.org\/?page_id=21"},"modified":"2025-02-02T16:16:09","modified_gmt":"2025-02-02T16:16:09","slug":"dan-ulduzu","status":"publish","type":"page","link":"https:\/\/www.guneyazerbaycan.org\/tr\/dan-ulduzu\/","title":{"rendered":"DAN ULDUZU"},"content":{"rendered":"\n<p>\u201c<em>DAN ULDUZU G\u00fcney Azerbaycan Milli Hareketinin Amac\u0131n\u0131, \u0130lkelerini ve baz\u0131 ortak Stratejilerini \u015feffaf \u015fekild\u0259 belirlemek i\u00e7inn yaz\u0131lm\u0131\u015f bir senettir.<\/em>\u201c<\/p>\n\n\n\n<p><\/p>\n\n\n\n<p>G\u00fcney Azerbaycan, tarihin her \u00e7a\u011f\u0131nda kendi milli devleti sayesinde aln\u0131 a\u00e7\u0131k bir millet olarak var olm\u00fc\u015ftur. Azerbaycan T\u00fcrkleri her zaman insani de\u011ferler, \u00f6zg\u00fcrl\u00fckler ve adaletli y\u00f6netim konusunda b\u00f6lgenin \u00f6nc\u00fc milleti ve kom\u015fu halklar i\u00e7in \u0131\u015f\u0131k ve umut kayna\u011f\u0131 olmu\u015ftur. Ancak son y\u00fcz y\u0131lda, G\u00fcney Azerbaycan&#8217;\u0131n devletinin, \u0130ran devlet\u00e7ili\u011fi ad\u0131na gasp edilip istismar edilmesi, milletimize b\u00fcy\u00fck zararlar vermi\u015f, milli servetlerini talan etmi\u015f ve g\u00fcnden g\u00fcne maddi ve manevi bak\u0131mdan yoksullu\u011fa ve felakete s\u00fcr\u00fcklemi\u015ftir. Ayn\u0131 zamanda Azerbaycan T\u00fcrklerinin adaletli ve insansever devlet\u00e7ili\u011finin yok olmas\u0131, b\u00f6lgenin di\u011fer halklar\u0131n\u0131n da umut ve \u0131\u015f\u0131\u011f\u0131n\u0131n s\u00f6nmesine sebep olmu\u015ftur. Nas\u0131l ki y\u00fcz y\u0131ld\u0131r, onlar da bizim gibi, sava\u015flar, adaletsizlikler ve zul\u00fcm alt\u0131nda ezilip, d\u00fcnya medeniyetinden, refahtan ve onurlu ya\u015fam hakk\u0131ndan \u00e7ok uzakla\u015fm\u0131\u015flard\u0131r.<\/p>\n\n\n\n<p>Fars fa\u015fizmi ve emperyalist g\u00fc\u00e7lerin T\u00fcrk d\u00fc\u015fmanl\u0131\u011f\u0131 ve baz\u0131 G\u00fcney Azerbaycanl\u0131 ayd\u0131nlar\u0131n ge\u00e7mi\u015fteki yanl\u0131\u015f hareket ve d\u00fc\u015f\u00fcnceleri, G\u00fcney Azerbaycan&#8217;\u0131n felaketinin en \u00f6nemli sebeplerindendir. Ge\u00e7mi\u015f y\u00fcz y\u0131l\u0131n tecr\u00fcbesine bakt\u0131\u011f\u0131m\u0131zda, ayd\u0131nlar\u0131m\u0131z\u0131n daha \u00f6nce gittikleri yollar\u0131n \u00e7o\u011funun yanl\u0131\u015f sonu\u00e7lara sebep oldu\u011funu g\u00f6rebiliriz. \u0130ran ad\u0131na ve \u0130ran&#8217;\u0131n demokratikle\u015fmesi yolunda verilen m\u00fccadele ve fedakarl\u0131klar\u0131n hepsi, G\u00fcney Azerbaycan halk\u0131n\u0131n, mutlulu\u011fu yerine felaketine sebep olmu\u015ftur. O felaketlere sebep olan yanl\u0131\u015f d\u00fc\u015f\u00fcnce ve planlarla devam ederek, o felaketlerden kurtulmak olmaz. Bu y\u00fczden de, bug\u00fcn G\u00fcney Azerbaycan milli hareketinin hedefi, \u0130ran h\u00fck\u00fcmetini de\u011fi\u015ftirip ba\u015fka bir h\u00fck\u00fcmet kurmak yerine, yaln\u0131z ve yaln\u0131z kendi milli devletimizi yeniden kurmak olmu\u015ftur.<\/p>\n\n\n\n<figure class=\"wp-block-image size-large\"><img loading=\"lazy\" decoding=\"async\" width=\"1024\" height=\"495\" src=\"https:\/\/www.guneyazerbaycan.org\/wp-content\/uploads\/2025\/01\/guney-azerbaycan-milli-devleti-tr-1024x495.png\" alt=\"DAN ULDUZU: G\u00fcney Azerbaycan Milli Hareketinin Esaslari\" class=\"wp-image-428\" srcset=\"https:\/\/www.guneyazerbaycan.org\/wp-content\/uploads\/2025\/01\/guney-azerbaycan-milli-devleti-tr-1024x495.png 1024w, https:\/\/www.guneyazerbaycan.org\/wp-content\/uploads\/2025\/01\/guney-azerbaycan-milli-devleti-tr-300x145.png 300w, https:\/\/www.guneyazerbaycan.org\/wp-content\/uploads\/2025\/01\/guney-azerbaycan-milli-devleti-tr-768x371.png 768w, https:\/\/www.guneyazerbaycan.org\/wp-content\/uploads\/2025\/01\/guney-azerbaycan-milli-devleti-tr.png 1485w\" sizes=\"auto, (max-width: 1024px) 100vw, 1024px\" \/><\/figure>\n\n\n\n<h2 class=\"wp-block-heading\">G\u00fcney Azerbaycan\u0131n Durumu<\/h2>\n\n\n\n<p>Bilirik ki G\u00fcney Azerbaycanin Devleti i\u015fgal edip, Milletimizi b\u00fct\u00fcn imkanlardan mahrum edipler. Ama biz bir millet olarak var olmaya devam edip, her f\u0131rsatta, milli devletimizi yeniden kurmaya \u00e7al\u0131\u015fm\u0131\u015f\u0131z. Hatta siyasi, sosyal ve uluslararas\u0131 alanlarda, kendimizi kurtaracak yeni imkanlar da yaratm\u0131\u015f\u0131z. Bug\u00fcn bu imkanlar sayesinde milli hareketimiz, yani milletimizin kurtulu\u015f sava\u015f\u0131, her zamankinden daha \u00e7ok ba\u015far\u0131ya yak\u0131nd\u0131r, \u00e7\u00fcnk\u00fc:<\/p>\n\n\n\n<ul class=\"wp-block-list\">\n<li>Bug\u00fcn milletimizin uyan\u0131\u015f\u0131 sayesinde, Hareketimiz siyasi ve milli bir direni\u015f ve m\u00fccadeleye d\u00f6n\u00fc\u015f\u00fcp, uluslararas\u0131 siyasete ta\u015f\u0131n\u0131bd\u0131r.<\/li>\n\n\n\n<li>G\u00fcney Azerbaycan halk\u0131n\u0131n \u00e7o\u011fu, \u00f6zel bir k\u00fclt\u00fcre sahip oldu\u011funu anlay\u0131p ve sahip oldu\u011fu k\u00fclt\u00fcr ve vatanda, ba\u011f\u0131ms\u0131zl\u0131\u011fa lay\u0131k bir millet oldu\u011fu kanaat ve siyasi bilincine ula\u015fm\u0131\u015ft\u0131r.<\/li>\n\n\n\n<li>Art\u0131k G\u00fcney Azerbaycan kendi T\u00fcrkl\u00fc\u011f\u00fcne sar\u0131l\u0131yor. Bug\u00fcn T\u00fcrk\u00e7\u00fcl\u00fc\u011f\u00fcn \u00e7\u0131rp\u0131nan kalbi Tebriz&#8217;dir, G\u00fcney Azerbaycan&#8217;d\u0131r.<\/li>\n\n\n\n<li>G\u00fcney Azerbaycan&#8217;da \u00e7ok say\u0131da milli d\u00fc\u015f\u00fcn\u00fcr ve ayd\u0131n yeti\u015fmi\u015ftir. Onlar\u0131n \u00e7o\u011fu G\u00fcney Azerbaycan&#8217;da ya\u015fay\u0131p milli hareketimize y\u00f6n veriyor. Ayn\u0131 zamanda d\u00fcnyan\u0131n d\u00f6rt bir yan\u0131nda, d\u00fc\u015f\u00fcnce merkezlerinde yer al\u0131p, milli hareketimizin teorik temellerini derinle\u015ftirip, uluslararas\u0131 siyasete dahil ediyorlar.<\/li>\n\n\n\n<li>G\u00fcney Azerbaycan art\u0131k \u0130ranc\u0131l\u0131\u011f\u0131 ve \u0130ran devlet\u00e7ili\u011fini benimsemiyor ve onu kendi devleti olarak kabul etmiyor. Milletimiz d\u00fc\u015f\u00fcncede ve fikirde, \u0130ran devlet\u00e7ili\u011finden kopup, kendi kaderini T\u00fcrkl\u00fck ve T\u00fcrk d\u00fcnyas\u0131nda g\u00f6r\u00fcyor.<\/li>\n\n\n\n<li>Art\u0131k milli m\u00fccadelemizin bayra\u011f\u0131 belirlenmi\u015f, G\u00fcney Azerbaycan milli aktivistlerinin \u00e7o\u011funlu\u011fu onu kabul etmi\u015f ve halk\u0131m\u0131z taraf\u0131ndan kabul ediliyor.<\/li>\n\n\n\n<li>\u0130ran devlet\u00e7ili\u011fi en g\u00fc\u00e7s\u00fcz d\u00f6nemindedir. \u0130\u00e7eride halk taraf\u0131ndan deste\u011fini ve ideolojik ba\u011f\u0131n\u0131 kaybetmi\u015f, d\u00fcnyada ise yasad\u0131\u015f\u0131 bir ter\u00f6r devleti stat\u00fcs\u00fcndedir. Ayn\u0131 zamanda yapt\u0131r\u0131mlar, mali ve askeri g\u00fcc\u00fcn\u00fc zay\u0131flatm\u0131\u015ft\u0131r.<\/li>\n\n\n\n<li>Kuzey Azerbaycan Cumhuriyeti&#8217;nin ba\u015far\u0131lar\u0131 bir \u00f6rnek olarak g\u00f6zler \u00f6n\u00fcndedir ve milletimiz, Azerbaycan T\u00fcrk devleti alt\u0131nda daha refahl\u0131, daha \u00f6zg\u00fcr ve daha g\u00fc\u00e7l\u00fc olaca\u011f\u0131na inan\u0131yor.<\/li>\n\n\n\n<li>T\u00fcrk d\u00fcnyas\u0131n\u0131n birle\u015fmesi ve g\u00fc\u00e7lenmesi ve T\u00fcrk Devletleri Te\u015fkilat\u0131&#8217;n\u0131n kurulu\u015fu, milletimize g\u00fcven veriyor ve ayd\u0131n bir gelece\u011fe umutland\u0131r\u0131p heveslendiriyor.<\/li>\n<\/ul>\n\n\n\n<h2 class=\"wp-block-heading\">N\u0259 Etm\u0259liyik<\/h2>\n\n\n\n<p>Bu sebeplerden dolay\u0131, en k\u0131sa zamanda G\u00fcney Azerbaycan&#8217;\u0131 kurtar\u0131p, milli devletimizi kurmal\u0131y\u0131z. Bunun i\u00e7in daha etkili, cesur ve yere basan ad\u0131mlarla, strateji ve yol haritam\u0131z\u0131 belirlemeliyik.  Yol haritam\u0131z\u0131 belirlemek i\u00e7in, ortak hedefimiz ve ilkelerimiz \u015feffaf bir \u015fekilde belirlenmelidir. Stratejiler hedefe ula\u015fman\u0131n yolu ve rotas\u0131d\u0131r, ilkeler ise do\u011fru yolda oldu\u011fumuzu g\u00f6steren \u0131\u015f\u0131klard\u0131r. Hedefimiz ve ilkelerimiz belirlenmezse, hi\u00e7bir f\u0131rsat\u0131 do\u011fru de\u011ferlendiremeyece\u011fiz ve nereye gidece\u011fini bilmeyen bir denizci gibi, hi\u00e7bir r\u00fczgar\u0131n bize faydas\u0131 olmayacak. Hedefsiz ve vizyonsuz bir m\u00fccadele, bo\u015funa zaman ge\u00e7irmektir, hareketsiz ve eylemsiz d\u00fc\u015f\u00fcnce ise yaln\u0131zca bir arzu ve hayaldir. Ortak hedefimiz belli olursa ona ula\u015fmak i\u00e7in ortak stratejiler ve taktikleri planlay\u0131p, vizyonlu bir \u015fekilde harekete ge\u00e7ip, d\u00fcnyay\u0131 de\u011fi\u015ftirebiliriz.<\/p>\n\n\n\n<p> Hedefimize ula\u015fmak i\u00e7in, rotam\u0131z (stratejilerimiz) varsa, do\u011fru y\u00f6nde ilerlemek ve yoldan sapmamak i\u00e7in, yolumuzu ayd\u0131nlatan deniz feneri, pusula, radar ve y\u0131ld\u0131zlara, yani ilkelere ihtiyac\u0131m\u0131z vard\u0131r.<\/p>\n\n\n\n<p>DAN ULDUZU G\u00fcney Azerbaycan Milli Hareketinin Amac\u0131n\u0131, \u0130lkelerini ve baz\u0131 ortak Stratejilerini \u015feffaf \u015fekild\u0259 belirlemek i\u00e7inn yaz\u0131lm\u0131\u015f bir senettir.<\/p>\n","protected":false},"excerpt":{"rendered":"<p>\u201cDAN ULDUZU G\u00fcney Azerbaycan Milli Hareketinin Amac\u0131n\u0131, \u0130lkelerini ve baz\u0131 ortak Stratejilerini \u015feffaf \u015fekild\u0259 belirlemek i\u00e7inn yaz\u0131lm\u0131\u015f bir senettir.\u201c G\u00fcney Azerbaycan, tarihin her \u00e7a\u011f\u0131nda kendi milli devleti sayesinde aln\u0131 a\u00e7\u0131k bir millet olarak var olm\u00fc\u015ftur. Azerbaycan T\u00fcrkleri her zaman insani de\u011ferler, \u00f6zg\u00fcrl\u00fckler ve adaletli y\u00f6netim konusunda b\u00f6lgenin \u00f6nc\u00fc milleti ve kom\u015fu halklar i\u00e7in \u0131\u015f\u0131k ve [&hellip;]<\/p>\n","protected":false},"author":1,"featured_media":6,"parent":0,"menu_order":0,"comment_status":"open","ping_status":"closed","template":"danulduzu","meta":{"footnotes":""},"class_list":["post-21","page","type-page","status-publish","has-post-thumbnail","hentry"],"_links":{"self":[{"href":"https:\/\/www.guneyazerbaycan.org\/tr\/wp-json\/wp\/v2\/pages\/21","targetHints":{"allow":["GET"]}}],"collection":[{"href":"https:\/\/www.guneyazerbaycan.org\/tr\/wp-json\/wp\/v2\/pages"}],"about":[{"href":"https:\/\/www.guneyazerbaycan.org\/tr\/wp-json\/wp\/v2\/types\/page"}],"author":[{"embeddable":true,"href":"https:\/\/www.guneyazerbaycan.org\/tr\/wp-json\/wp\/v2\/users\/1"}],"replies":[{"embeddable":true,"href":"https:\/\/www.guneyazerbaycan.org\/tr\/wp-json\/wp\/v2\/comments?post=21"}],"version-history":[{"count":25,"href":"https:\/\/www.guneyazerbaycan.org\/tr\/wp-json\/wp\/v2\/pages\/21\/revisions"}],"predecessor-version":[{"id":535,"href":"https:\/\/www.guneyazerbaycan.org\/tr\/wp-json\/wp\/v2\/pages\/21\/revisions\/535"}],"wp:featuredmedia":[{"embeddable":true,"href":"https:\/\/www.guneyazerbaycan.org\/tr\/wp-json\/wp\/v2\/media\/6"}],"wp:attachment":[{"href":"https:\/\/www.guneyazerbaycan.org\/tr\/wp-json\/wp\/v2\/media?parent=21"}],"curies":[{"name":"wp","href":"https:\/\/api.w.org\/{rel}","templated":true}]}}