{"id":213,"date":"2025-01-01T22:26:50","date_gmt":"2025-01-01T22:26:50","guid":{"rendered":"https:\/\/www.guneyazerbaycan.org\/?page_id=213"},"modified":"2025-02-02T16:19:58","modified_gmt":"2025-02-02T16:19:58","slug":"uluslararasi-hukukta-milli-devleti","status":"publish","type":"page","link":"https:\/\/www.guneyazerbaycan.org\/tr\/dan-ulduzu\/amac\/uluslararasi-hukukta-milli-devleti\/","title":{"rendered":"Uluslararas\u0131 Hukukta G\u00fcney Azerbaycan Milli Devlet"},"content":{"rendered":"\n<p>G\u00fcney Azerbaycan milli hareketinin temel iste\u011fi, gasp edilmi\u015f ve istismar edilmi\u015f devlet\u00e7ili\u011fini geri almakt\u0131r. Bizim kimsenin vatan\u0131nda ya da devletinde g\u00f6z\u00fcm\u00fcz yok. Biz, bin y\u0131llard\u0131r atalar\u0131m\u0131z\u0131n y\u00f6netti\u011fi, ama son y\u00fcz y\u0131lda gasp edilmi\u015f kendi devletimizi yeniden kurmak istiyoruz. Siyasi ba\u011f\u0131ms\u0131zl\u0131k iste\u011fimizin yasall\u0131\u011f\u0131n\u0131n ana kayna\u011f\u0131 da budur. Bununla birlikte, G\u00fcney Azerbaycan milleti demokratik haklara dayanarak, kendi kaderini tayin etme hakk\u0131na da sahiptir. Ayn\u0131 zamanda y\u00fcz y\u0131ld\u0131r G\u00fcney Azerbaycan T\u00fcrkleri, \u0130ran devleti \u00e7er\u00e7evesinde, demokratik ve milli haklar\u0131n\u0131n sa\u011flanmas\u0131 i\u00e7in, s\u00fcrekli m\u00fccadele etmi\u015ftir. Ancak t\u00fcm \u0130ran h\u00fck\u00fcmetleri, bu bar\u0131\u015f\u00e7\u0131l ve demokratik isteklere kar\u015f\u0131, amans\u0131z ve orant\u0131s\u0131z \u015fiddet, su\u00e7 ve katliamlar yapm\u0131\u015ft\u0131r. Art\u0131k \u0130ran devleti \u00e7er\u00e7evesinde, G\u00fcney Azerbaycan&#8217;\u0131n demokratik haklar\u0131n\u0131n sa\u011flanmas\u0131n\u0131n imkans\u0131z oldu\u011fu kan\u0131tlanm\u0131\u015ft\u0131r. Bu nedenle, G\u00fcney Azerbaycan&#8217;a, siyasi ba\u011f\u0131ms\u0131zl\u0131ktan ba\u015fka bir yol kalmam\u0131\u015ft\u0131r. \u0130ran devletinin Azerbaycan&#8217;a kar\u015f\u0131 katliamlar\u0131 ve insanl\u0131k d\u0131\u015f\u0131 su\u00e7lar\u0131 ve milletimizin y\u00fcz y\u0131ll\u0131k m\u00fccadelesi, hareketimizin di\u011fer me\u015fruiyet kayna\u011f\u0131d\u0131r.<\/p>\n\n\n\n<p>Bir milli hareket, milli m\u00fccadele edip, milli devletini kurar, sonra ba\u011f\u0131ms\u0131zl\u0131k ilan\u0131 ve di\u011fer \u00fclkelerin resmiyete tan\u0131mas\u0131 ile son hedefine ula\u015f\u0131r. Bu a\u015famalar\u0131n her birinin farkl\u0131 stratejileri ve haklar\u0131 vard\u0131r.<\/p>\n\n\n\n<ul class=\"wp-block-list\">\n<li>Milli m\u00fccadele ve kurtulu\u015f sava\u015f\u0131, her milletin insani hakk\u0131d\u0131r ve d\u00fcnyan\u0131n t\u00fcm \u00f6zg\u00fcr insanlar\u0131, kurtulu\u015f m\u00fccadelesi veren sava\u015f\u00e7\u0131lara sayg\u0131 g\u00f6sterir. Ter\u00f6r ve insanl\u0131k su\u00e7lar\u0131na kar\u0131\u015fmadan, her t\u00fcrl\u00fc silahs\u0131z ya da silahl\u0131 kurtulu\u015f sava\u015f\u0131, t\u00fcm uluslararas\u0131 kurulu\u015flarda ve hukukta, kabul edilmi\u015f bir hakt\u0131r.<\/li>\n\n\n\n<li>Kendisini temsil eden milli h\u00fck\u00fcmetini kurup, y\u00f6netimini kendi eline al\u0131p, kendi topraklar\u0131nda egemenli\u011fini sa\u011flamak, bir milletin en demokratik hakk\u0131d\u0131r ve kendi kaderini tayin etme hakk\u0131n\u0131n en temel tecellisidir. Kendi topraklar\u0131nda otoritesini sa\u011flam\u0131\u015f ve vatanda\u015flar\u0131n\u0131n insani haklar\u0131na sayg\u0131l\u0131 yakla\u015fan bir milli h\u00fck\u00fcmet, ba\u011f\u0131ms\u0131zl\u0131k ilan etse de-etmese de, di\u011fer \u00fclkeler taraf\u0131ndan resmiyete tan\u0131nsa da-tan\u0131nmasa da, uluslararas\u0131 hukukta, bir devlet hakk\u0131na sahiptir.<\/li>\n\n\n\n<li>Her devlet, milli meclis ve milletinin onay\u0131 ile ba\u011f\u0131ms\u0131zl\u0131k ilan etme hakk\u0131na sahiptir.<\/li>\n\n\n\n<li>Ba\u011f\u0131ms\u0131zl\u0131k ilan etmi\u015f bir devlet, farkl\u0131 \u015fartlarda, di\u011fer \u00fclkeler ve kurulu\u015flar taraf\u0131ndan resmiyete tan\u0131nabilir. Uluslararas\u0131 hukukta, bu konuda her ne kadar belirsizlik ve tart\u0131\u015fma olsa da, bir \u00fclkenin di\u011fer \u00fclkeyi resmiyete tan\u0131ma konusu, tamamen ger\u00e7ek siyasetle ilgilidir. G\u00fcney Azerbaycan&#8217;\u0131n modern ve geli\u015fmi\u015f k\u00fclt\u00fcr\u00fc, insani g\u00fcc\u00fc, zengin co\u011frafyas\u0131, jeopolitik konumu ve karde\u015f \u00fclkelerin destekleri, bu a\u015famadan da ge\u00e7ebilecek potansiyelin garantisidir.<\/li>\n<\/ul>\n\n\n\n<p>Biz G\u00fcney Azerbaycan milli hareketi olarak birinci a\u015fama, yani milli m\u00fccadele ve kurtulu\u015f sava\u015f\u0131 a\u015famas\u0131nday\u0131z. Bug\u00fcn, tek hedefimiz bir sonraki a\u015famaya ula\u015fmak, yani milli devletimizi kurmakt\u0131r. T\u00fcm m\u00fccadele ve enerjimizi, ona harcamal\u0131y\u0131z. T\u00fcm strateji ve taktiklerimiz, bizi ona do\u011fru bir ad\u0131m g\u00f6t\u00fcrmelidir.<\/p>\n","protected":false},"excerpt":{"rendered":"<p>G\u00fcney Azerbaycan milli hareketinin temel iste\u011fi, gasp edilmi\u015f ve istismar edilmi\u015f devlet\u00e7ili\u011fini geri almakt\u0131r. Bizim kimsenin vatan\u0131nda ya da devletinde g\u00f6z\u00fcm\u00fcz yok. Biz, bin y\u0131llard\u0131r atalar\u0131m\u0131z\u0131n y\u00f6netti\u011fi, ama son y\u00fcz y\u0131lda gasp edilmi\u015f kendi devletimizi yeniden kurmak istiyoruz. Siyasi ba\u011f\u0131ms\u0131zl\u0131k iste\u011fimizin yasall\u0131\u011f\u0131n\u0131n ana kayna\u011f\u0131 da budur. Bununla birlikte, G\u00fcney Azerbaycan milleti demokratik haklara dayanarak, kendi [&hellip;]<\/p>\n","protected":false},"author":1,"featured_media":507,"parent":177,"menu_order":0,"comment_status":"closed","ping_status":"closed","template":"danulduzu","meta":{"footnotes":""},"class_list":["post-213","page","type-page","status-publish","has-post-thumbnail","hentry"],"_links":{"self":[{"href":"https:\/\/www.guneyazerbaycan.org\/tr\/wp-json\/wp\/v2\/pages\/213","targetHints":{"allow":["GET"]}}],"collection":[{"href":"https:\/\/www.guneyazerbaycan.org\/tr\/wp-json\/wp\/v2\/pages"}],"about":[{"href":"https:\/\/www.guneyazerbaycan.org\/tr\/wp-json\/wp\/v2\/types\/page"}],"author":[{"embeddable":true,"href":"https:\/\/www.guneyazerbaycan.org\/tr\/wp-json\/wp\/v2\/users\/1"}],"replies":[{"embeddable":true,"href":"https:\/\/www.guneyazerbaycan.org\/tr\/wp-json\/wp\/v2\/comments?post=213"}],"version-history":[{"count":10,"href":"https:\/\/www.guneyazerbaycan.org\/tr\/wp-json\/wp\/v2\/pages\/213\/revisions"}],"predecessor-version":[{"id":539,"href":"https:\/\/www.guneyazerbaycan.org\/tr\/wp-json\/wp\/v2\/pages\/213\/revisions\/539"}],"up":[{"embeddable":true,"href":"https:\/\/www.guneyazerbaycan.org\/tr\/wp-json\/wp\/v2\/pages\/177"}],"wp:featuredmedia":[{"embeddable":true,"href":"https:\/\/www.guneyazerbaycan.org\/tr\/wp-json\/wp\/v2\/media\/507"}],"wp:attachment":[{"href":"https:\/\/www.guneyazerbaycan.org\/tr\/wp-json\/wp\/v2\/media?parent=213"}],"curies":[{"name":"wp","href":"https:\/\/api.w.org\/{rel}","templated":true}]}}