{"id":252,"date":"2025-01-02T21:09:29","date_gmt":"2025-01-02T21:09:29","guid":{"rendered":"https:\/\/www.guneyazerbaycan.org\/?page_id=252"},"modified":"2025-02-02T16:03:37","modified_gmt":"2025-02-02T16:03:37","slug":"azerbaycancilik","status":"publish","type":"page","link":"https:\/\/www.guneyazerbaycan.org\/tr\/dan-ulduzu\/ilkeler\/azerbaycancilik\/","title":{"rendered":"Azerbaycanc\u0131l\u0131k"},"content":{"rendered":"\n<p>Biz T\u00fcrklerin millet ve vatan sevgisi, Allah&#8217;\u0131n bize verdi\u011fi bir hediyedir. B\u00f6yle ate\u015fli vatan sevgisi her millette olmaz. Vatanseverlik duygusunu ya\u015famayan milletler, tarihte yok olmaya mahkumdur. Vatan bir milletin evidir ve onu sevmek, anne-baba sevgisi kadar do\u011fald\u0131r. Azerbaycan, topra\u011f\u0131n\u0131n kara ba\u011fr\u0131nda s\u0131ra da\u011flar gibi duran ve tarih boyunca onun i\u00e7in can\u0131n\u0131 feda eden T\u00fcrklerin vatan\u0131d\u0131r. Azerbaycanc\u0131l\u0131k da Azerbaycan T\u00fcrklerinin vatanseverlik duygusunun ad\u0131d\u0131r. Azerbaycanc\u0131l\u0131k, vatan\u0131n ta\u015f\u0131na, da\u011f\u0131na, topra\u011f\u0131na can feda etmektir. Ba\u011f\u0131na, bostan\u0131na, hatta kuru \u00e7\u00f6l\u00fcne a\u015f\u0131k olup, bu vatan\u0131n \u00e7evresini ve g\u00fczelliklerini korumakt\u0131r. Diline, dinine ve d\u00fc\u015f\u00fcncesine bakmadan bu topraklarda ya\u015fayan b\u00fct\u00fcn insanlar\u0131 sevmektir. Kendi vatan\u0131n\u0131, bayra\u011f\u0131n\u0131 ve milli devletini can\u0131ndan ve mal\u0131ndan \u00fcst\u00fcn tutmakt\u0131r. Azerbaycanc\u0131l\u0131k, hem vatan i\u00e7in ya\u015famak hem de vatan i\u00e7in \u00f6lmektir. Azerbaycan&#8217;\u0131n \u00f6zg\u00fcrl\u00fc\u011f\u00fc, ancak vatan yolunda her t\u00fcrl\u00fc fedakarl\u0131\u011fa haz\u0131r olan vatansever insanlar, yani Azerbaycanc\u0131 insanlar sayesinde sa\u011flanacakt\u0131r.<\/p>\n\n\n\n<p>Esaretten kurtulmak isteyen \u00f6nce vatan\u0131n\u0131 kurtarmal\u0131d\u0131r. Biz G\u00fcney Azerbaycan milli hareketi olarak, kendi vatan\u0131m\u0131z\u0131 i\u015fgalden kurtar\u0131p milli devletimizi kurmak i\u00e7in m\u00fccadele ediyoruz. Biz Azerbaycanc\u0131y\u0131z ve G\u00fcney Azerbaycan milli devletini kurup, onun b\u00f6l\u00fcnmez b\u00fct\u00fcnl\u00fc\u011f\u00fcn\u00fc korumaya \u00e7al\u0131\u015f\u0131yoruz. Kurulacak milli devletimizin \u00f6nc\u00fc milleti ve b\u00fcy\u00fck \u00e7o\u011funlu\u011fu olan T\u00fcrklerin milli varl\u0131\u011f\u0131 ve birli\u011fini korumaya \u00e7al\u0131\u015f\u0131yoruz. Bununla birlikte vatan\u0131m\u0131zda ya\u015fayan etnik az\u0131nl\u0131klar\u0131n haklar\u0131n\u0131 korumay\u0131 da vatan borcumuz biliyoruz. Bu topraklarda ya\u015fayan herkesin ya\u015famaya, maddi ve manevi varl\u0131\u011f\u0131n\u0131 korumaya ve geli\u015fmeye hakk\u0131 vard\u0131r. Diline, dinine ve d\u00fc\u015f\u00fcncelerine bakmaks\u0131z\u0131n vatan\u0131m\u0131zda ya\u015fayan b\u00fct\u00fcn insanlar\u0131m\u0131z\u0131 koruyup, onlara, refah, \u00f6zg\u00fcr ve onurlu bir ya\u015fam sunmay\u0131 boynumuzun borcu biliyoruz. Bu y\u00fczden hi\u00e7bir zaman topraklar\u0131m\u0131z\u0131n ve vatanda\u015flar\u0131m\u0131z\u0131n hi\u00e7bir b\u00f6l\u00fcm\u00fcn\u00fcn, fa\u015fistler, ter\u00f6ristler ve a\u015firet a\u011falar\u0131n\u0131n elinde esir b\u0131rak\u0131lmas\u0131na ya da rehin olmas\u0131na izin vermeyece\u011fiz.<\/p>\n\n\n\n<p>Azerbaycan secdegah\u0131m\u0131z, T\u00fcrk\u00e7\u00fcl\u00fck ise tac\u0131m\u0131zd\u0131r. Tarihimizde T\u00fcrk\u00e7\u00fcl\u00fck ve Azerbaycanc\u0131l\u0131k, Rus\u00e7uluk ve Fars\u00e7\u0131l\u0131\u011fa kar\u015f\u0131 savunma hareketi olmu\u015ftur. Bug\u00fcn Azerbaycanc\u0131l\u0131\u011f\u0131 ve T\u00fcrk\u00e7\u00fcl\u00fc\u011f\u00fc birbirine z\u0131t g\u00f6stermek de, yine \u015f\u00fcphesiz \u0130ran ve Rusya&#8217;n\u0131n rol\u00fc vard\u0131r. T\u00fcrkl\u00fc\u011f\u00fc ele al\u0131p Azerbaycan&#8217;\u0131 inkar etmek ihanettir, bunun tersi de ayn\u0131 derecede gaflet ve ihanettir.<\/p>\n\n\n\n<p>Vatan\u0131n o yan\u0131 bu yan\u0131 olmaz, Tanr\u0131 bize tek bir Azerbaycan vermi\u015ftir. Bu vatan\u0131n her kar\u0131\u015f\u0131n\u0131 sevip korumal\u0131y\u0131z, yani b\u00fct\u00fcnc\u00fc olmal\u0131y\u0131z. Azerbaycanc\u0131l\u0131k vatan\u0131m\u0131z\u0131n ayr\u0131 d\u00fc\u015fm\u00fc\u015f par\u00e7alar\u0131n\u0131n birle\u015fme sevdas\u0131d\u0131r ve ona engel olacak her s\u00f6z ve hareketten ka\u00e7\u0131nmakt\u0131r.<\/p>\n","protected":false},"excerpt":{"rendered":"<p>Biz T\u00fcrklerin millet ve vatan sevgisi, Allah&#8217;\u0131n bize verdi\u011fi bir hediyedir. B\u00f6yle ate\u015fli vatan sevgisi her millette olmaz. Vatanseverlik duygusunu ya\u015famayan milletler, tarihte yok olmaya mahkumdur. Vatan bir milletin evidir ve onu sevmek, anne-baba sevgisi kadar do\u011fald\u0131r. Azerbaycan, topra\u011f\u0131n\u0131n kara ba\u011fr\u0131nda s\u0131ra da\u011flar gibi duran ve tarih boyunca onun i\u00e7in can\u0131n\u0131 feda eden T\u00fcrklerin vatan\u0131d\u0131r. [&hellip;]<\/p>\n","protected":false},"author":1,"featured_media":0,"parent":229,"menu_order":0,"comment_status":"open","ping_status":"closed","template":"danulduzu","meta":{"footnotes":""},"class_list":["post-252","page","type-page","status-publish","hentry"],"_links":{"self":[{"href":"https:\/\/www.guneyazerbaycan.org\/tr\/wp-json\/wp\/v2\/pages\/252","targetHints":{"allow":["GET"]}}],"collection":[{"href":"https:\/\/www.guneyazerbaycan.org\/tr\/wp-json\/wp\/v2\/pages"}],"about":[{"href":"https:\/\/www.guneyazerbaycan.org\/tr\/wp-json\/wp\/v2\/types\/page"}],"author":[{"embeddable":true,"href":"https:\/\/www.guneyazerbaycan.org\/tr\/wp-json\/wp\/v2\/users\/1"}],"replies":[{"embeddable":true,"href":"https:\/\/www.guneyazerbaycan.org\/tr\/wp-json\/wp\/v2\/comments?post=252"}],"version-history":[{"count":4,"href":"https:\/\/www.guneyazerbaycan.org\/tr\/wp-json\/wp\/v2\/pages\/252\/revisions"}],"predecessor-version":[{"id":524,"href":"https:\/\/www.guneyazerbaycan.org\/tr\/wp-json\/wp\/v2\/pages\/252\/revisions\/524"}],"up":[{"embeddable":true,"href":"https:\/\/www.guneyazerbaycan.org\/tr\/wp-json\/wp\/v2\/pages\/229"}],"wp:attachment":[{"href":"https:\/\/www.guneyazerbaycan.org\/tr\/wp-json\/wp\/v2\/media?parent=252"}],"curies":[{"name":"wp","href":"https:\/\/api.w.org\/{rel}","templated":true}]}}