{"id":276,"date":"2025-01-03T15:19:17","date_gmt":"2025-01-03T15:19:17","guid":{"rendered":"https:\/\/www.guneyazerbaycan.org\/?page_id=276"},"modified":"2025-02-02T16:04:39","modified_gmt":"2025-02-02T16:04:39","slug":"adaletcilik","status":"publish","type":"page","link":"https:\/\/www.guneyazerbaycan.org\/tr\/dan-ulduzu\/ilkeler\/adaletcilik\/","title":{"rendered":"Adalet\u00e7ilik"},"content":{"rendered":"\n<p>Adalet insan\u0131n do\u011fal hakk\u0131, huzurun anahtar\u0131 ve medeniyetin ilk \u015fart\u0131d\u0131r. \u0130nsan ruhu ve insanl\u0131k tarihinin her zaman en temel de\u011ferlerinden biri olan adalet, bir toplumun d\u00fczenini sa\u011flar ve insanlar\u0131n birbirine sayg\u0131l\u0131 ve adil olmas\u0131n\u0131 te\u015fvik eder. Adalet insan haklar\u0131n\u0131 koruyup haks\u0131zl\u0131klar\u0131n \u00f6n\u00fcne ge\u00e7erek, toplumu bir arada tutar ve daha g\u00fc\u00e7l\u00fc k\u0131lar. Adalet yaln\u0131zca servet ve maddi \u015feylerle ilgili de\u011fil, ya\u015fam\u0131n t\u00fcm sosyal ve k\u00fclt\u00fcrel imkanlar\u0131n\u0131n da dengeli payla\u015f\u0131m\u0131d\u0131r. Bir devlet adalet \u00fczerine kurulur ve hazinesi adalettir.<\/p>\n\n\n\n<p>Adaletin temeli hakkaniyet, erdem, his ve vicdand\u0131r. G\u00fcney Azerbaycan milli hareketinin adalet ilkesi bu manevi ve duygusal k\u00f6ke dayanarak halk\u0131m\u0131z\u0131n ve d\u00fcnyan\u0131n vicdan\u0131na, yani insanlar\u0131n i\u00e7indeki adalet duygusuna seslenir. \u0130ran devleti, kuruldu\u011fundan beri, G\u00fcney Azerbaycan T\u00fcrklerine, sistematik \u015fekilde soyk\u0131r\u0131m politikas\u0131 uyguluyor. Milletimizin dilini, k\u00fclt\u00fcr\u00fcn\u00fc ve t\u00fcm manevi varl\u0131klar\u0131n\u0131 a\u015fa\u011f\u0131lay\u0131p bask\u0131 alt\u0131nda tutarak, insani haklar\u0131n\u0131 yok say\u0131yor. G\u00fcney Azerbaycan&#8217;\u0131n topraklar\u0131n\u0131 b\u00f6l\u00fcp, milli kimli\u011fimizi silmek istiyor. Tarihi eserlerimizi, \u00e7evremizi ve do\u011fam\u0131z\u0131 kasten yok ediyor. Belirli politikalarla, Azerbaycan&#8217;\u0131n geli\u015fimini engelleyerek, halk\u0131m\u0131z\u0131 i\u015fsiz, yoksul ve \u00e7aresiz duruma getirip, kendi topraklar\u0131ndan s\u00fcrg\u00fcn etmeye \u00e7al\u0131\u015f\u0131yor. Bu sistematik apartheid&#8217;e kar\u015f\u0131 \u00e7\u0131kanlar\u0131 da, a\u011f\u0131r i\u015fkence ve hapis cezalar\u0131yla susturmaya \u00e7al\u0131\u015f\u0131yor. Bu zul\u00fcm ve adaletsizliklerden, ancak bizi temsil eden bir milli devletin kurulmas\u0131yla kurtulabiliriz ve ba\u015fka hi\u00e7bir \u00e7aremiz yoktur. Art\u0131k ba\u015fka yollar\u0131n hepsini ge\u00e7mi\u015f y\u00fcz y\u0131lda denedik. G\u00fcney Azerbaycan milli hareketi, adaletsizliklerden can\u0131 yanm\u0131\u015f, T\u00fcrk oldu\u011fu i\u00e7in a\u015fa\u011f\u0131lanm\u0131\u015f ve ekonomik felaketlere s\u00fcr\u00fcklenmi\u015f insanlar\u0131n, hak ve adalet davas\u0131d\u0131r. Bu hareket ne zul\u00fcm, ne de merhamet, yaln\u0131zca adalet istiyor.<\/p>\n\n\n\n<p>Y\u00fczy\u0131llar\u0131n adaletsizliklerini G\u00fcney Azerbaycan&#8217;dan kald\u0131rmak i\u00e7in hem y\u0131k\u0131c\u0131 adalete, hem de onar\u0131c\u0131 adalete ihtiyac\u0131m\u0131z vard\u0131r. Y\u0131k\u0131c\u0131 adalet, e\u015fitlik temelinde olur ve herkesin g\u00f6revi ve eme\u011finin kar\u015f\u0131l\u0131\u011f\u0131n\u0131 almas\u0131n\u0131 sa\u011flar. Ancak onar\u0131c\u0131 adalet sayesinde, mevcut bozukluklar da d\u00fczelip, ger\u00e7ek e\u015fitlik sa\u011flan\u0131r. Onar\u0131c\u0131 adalet, ge\u00e7mi\u015fteki varl\u0131k ve hak da\u011f\u0131l\u0131m\u0131ndaki adaletsizliklerin telafi edilmesini sa\u011flar. \u00d6rne\u011fin y\u00fcz y\u0131ldan fazlad\u0131r Azerbaycan&#8217;\u0131n bask\u0131 alt\u0131nda tutulan k\u00fclt\u00fcr\u00fc ve dili, di\u011fer diller ve k\u00fclt\u00fcrlerle e\u015fit duruma gelene kadar, onar\u0131c\u0131 adalete tabi tutulmal\u0131d\u0131r. Ayn\u0131 \u015fekilde Tahran, Kazvin, Hemedan, Bicar ve Hazar Denizi \u015fehirleri gibi G\u00fcney Azerbaycan&#8217;\u0131n daha fazla asimilasyona maruz kalm\u0131\u015f b\u00f6lgelerinin T\u00fcrkleri i\u00e7in de, onar\u0131c\u0131 adalet sa\u011flanmal\u0131d\u0131r. Kad\u0131nlar\u0131n sosyal ve ekonomik durumlar\u0131, erkeklerle e\u015fit seviyeye gelene kadar, onar\u0131c\u0131 adalet uygulanmal\u0131d\u0131r. Milli hareket olarak, organizasyonlar\u0131m\u0131zda ve faaliyetlerimizde kad\u0131nlara onar\u0131c\u0131 adalet \u00e7er\u00e7evesinde, pozitif ayr\u0131mc\u0131l\u0131k sa\u011flanmal\u0131d\u0131r. Merkezinde, y\u00f6netiminde, temelinde ve i\u00e7inde kad\u0131nlar\u0131n olmad\u0131\u011f\u0131 bir siyasi m\u00fccadele, m\u00fccadele de\u011fildir.<\/p>\n\n\n\n<p>G\u00fcney Azerbaycan milli hareketi olarak, m\u00fccadelemizde, kararlar\u0131m\u0131zda ve faaliyetlerimizde her zaman adil olmal\u0131y\u0131z. Y\u00f6netti\u011fimiz organizasyon ve kurulu\u015flarda, g\u00f6revleri insanlar\u0131n emekleri ve sorumluluklar\u0131na g\u00f6re da\u011f\u0131tmal\u0131y\u0131z, dostluk ve yak\u0131nl\u0131\u011fa g\u00f6re de\u011fil. Milli aktivistleri ve organizasyonlar\u0131 ele\u015ftirirken adil olmal\u0131y\u0131z. Mevcut durumu g\u00f6z \u00f6n\u00fcnde bulundurarak ele\u015ftirmeliyiz, ideallere dayanarak de\u011fil. Yaln\u0131zca m\u00fccadele eden ve i\u015f yapan milli aktivistleri ve organizasyonlar\u0131 de\u011fil, parlak fikirleri olan ama hi\u00e7bir i\u015f yapmayanlar\u0131 da sorgulamal\u0131y\u0131z. G\u00f6r\u00fc\u015f bildirmekle ele\u015ftiriyi birbirinden ay\u0131rmal\u0131y\u0131z. Her insan her konuda g\u00f6r\u00fc\u015f\u00fcn\u00fc bildirme hakk\u0131na sahiptir, ama ele\u015ftirmek i\u00e7in o konuda bilgili ya da deneyimli olmal\u0131d\u0131r. Uygulanmas\u0131 m\u00fcmk\u00fcn olmayan nedenlere dayanarak reddetmenin ad\u0131 ele\u015ftiri de\u011fildir. Tepede oturup sava\u015f\u0131 izleyip, sonra a\u015fa\u011f\u0131 inip, hayatta kalanlar\u0131n ba\u015f\u0131na vurman\u0131n ad\u0131 her ne olursa olsun ele\u015ftiri de\u011fildir.<\/p>\n","protected":false},"excerpt":{"rendered":"<p>Adalet insan\u0131n do\u011fal hakk\u0131, huzurun anahtar\u0131 ve medeniyetin ilk \u015fart\u0131d\u0131r. \u0130nsan ruhu ve insanl\u0131k tarihinin her zaman en temel de\u011ferlerinden biri olan adalet, bir toplumun d\u00fczenini sa\u011flar ve insanlar\u0131n birbirine sayg\u0131l\u0131 ve adil olmas\u0131n\u0131 te\u015fvik eder. Adalet insan haklar\u0131n\u0131 koruyup haks\u0131zl\u0131klar\u0131n \u00f6n\u00fcne ge\u00e7erek, toplumu bir arada tutar ve daha g\u00fc\u00e7l\u00fc k\u0131lar. Adalet yaln\u0131zca servet ve [&hellip;]<\/p>\n","protected":false},"author":1,"featured_media":0,"parent":229,"menu_order":0,"comment_status":"open","ping_status":"closed","template":"danulduzu","meta":{"footnotes":""},"class_list":["post-276","page","type-page","status-publish","hentry"],"_links":{"self":[{"href":"https:\/\/www.guneyazerbaycan.org\/tr\/wp-json\/wp\/v2\/pages\/276","targetHints":{"allow":["GET"]}}],"collection":[{"href":"https:\/\/www.guneyazerbaycan.org\/tr\/wp-json\/wp\/v2\/pages"}],"about":[{"href":"https:\/\/www.guneyazerbaycan.org\/tr\/wp-json\/wp\/v2\/types\/page"}],"author":[{"embeddable":true,"href":"https:\/\/www.guneyazerbaycan.org\/tr\/wp-json\/wp\/v2\/users\/1"}],"replies":[{"embeddable":true,"href":"https:\/\/www.guneyazerbaycan.org\/tr\/wp-json\/wp\/v2\/comments?post=276"}],"version-history":[{"count":4,"href":"https:\/\/www.guneyazerbaycan.org\/tr\/wp-json\/wp\/v2\/pages\/276\/revisions"}],"predecessor-version":[{"id":526,"href":"https:\/\/www.guneyazerbaycan.org\/tr\/wp-json\/wp\/v2\/pages\/276\/revisions\/526"}],"up":[{"embeddable":true,"href":"https:\/\/www.guneyazerbaycan.org\/tr\/wp-json\/wp\/v2\/pages\/229"}],"wp:attachment":[{"href":"https:\/\/www.guneyazerbaycan.org\/tr\/wp-json\/wp\/v2\/media?parent=276"}],"curies":[{"name":"wp","href":"https:\/\/api.w.org\/{rel}","templated":true}]}}