{"id":321,"date":"2025-01-03T21:58:32","date_gmt":"2025-01-03T21:58:32","guid":{"rendered":"https:\/\/www.guneyazerbaycan.org\/?page_id=321"},"modified":"2025-02-02T16:13:48","modified_gmt":"2025-02-02T16:13:48","slug":"plan-ve-taktika","status":"publish","type":"page","link":"https:\/\/www.guneyazerbaycan.org\/tr\/dan-ulduzu\/guney-azerbaycan-milli-hereketi-stratejileri\/plan-ve-taktika\/","title":{"rendered":"Plan ve Taktika"},"content":{"rendered":"\n<p>Plan ve taktikalar\u0131m\u0131z genellikle &#8220;F\u0131rsat yarat, F\u0131rsat\u0131 yakala ve F\u0131rsat\u0131 y\u00f6net&#8221; \u015feklinde olmal\u0131d\u0131r. F\u0131rsatlar farkl\u0131 \u015fekillerde ortaya \u00e7\u0131kabilir. Bazen d\u00fc\u015fman, fark\u0131nda olmadan hata yaparak bize f\u0131rsat yaratabilir. D\u00fc\u015fman hata yapt\u0131\u011f\u0131nda, s\u00f6z\u00fcn\u00fc kesmeyip, bunu bir f\u0131rsat olarak de\u011ferlendirmeliyiz. Ancak \u015funu da bilmeliyiz ki, umut bir strateji de\u011fildir, oturup f\u0131rsatlar\u0131 beklemek olmaz. Ger\u00e7ek f\u0131rsatlar\u0131 kendimiz yaratmal\u0131y\u0131z. Her zaman i\u00e7in planlar\u0131m\u0131z olmal\u0131 ve bu planlar\u0131m\u0131z do\u011frultusunda, sosyal g\u00fcc\u00fcm\u00fcze dayanarak, f\u0131rsatlar yarat\u0131p, y\u00f6netmeliyiz. Stratejide ne kadar gizlilik ve dikkat \u00f6nemliyse, taktiklerde de g\u00f6zlem ve h\u0131z \u00f6nemlidir. F\u0131rsat\u0131 yakalad\u0131\u011f\u0131m\u0131zda sel gibi akmal\u0131y\u0131z. Planlar\u0131m\u0131z esnek ve uyumlu olursa, hem bir ad\u0131m amaca do\u011fru ilerleriz, hem de g\u00fcc\u00fcm\u00fcz\u00fc art\u0131r\u0131r\u0131z. Her zaman kendi se\u00e7ti\u011fimiz yerde, kendi zaman\u0131m\u0131zda sava\u015fmal\u0131y\u0131z. Kontrol\u00fc her zaman elimizde tutup, d\u00fc\u015fman\u0131n eline ge\u00e7mesine izin vermemeliyiz. Bunun i\u00e7in f\u0131rsat\u0131 de\u011ferlendirip, aksiyona ge\u00e7meyi bildi\u011fimiz gibi, belirli kazan\u00e7lar elde ettikten sonra, geri \u00e7ekilmeyi de bilip, insanlar\u0131m\u0131z\u0131n en az zarar g\u00f6rmesine de dikkat etmeliyiz.<\/p>\n\n\n\n<p>Yaln\u0131z milli h\u00fck\u00fcmetimizin kurulmas\u0131 ya da G\u00fcney Azerbaycan&#8217;\u0131n ba\u011f\u0131ms\u0131zl\u0131\u011f\u0131na g\u00f6t\u00fcrecek f\u0131rsatlar de\u011fil, bizi bir ad\u0131m ileri ta\u015f\u0131yacak her f\u0131rsat\u0131 de\u011ferlendirmeliyiz. Her f\u0131rsattan planlad\u0131\u011f\u0131m\u0131z kadar yararland\u0131ktan sonra durup, yeni bir hareket planlamal\u0131y\u0131z. Uzak mesafelere ula\u015fmak, yak\u0131n mesafelere gitmekle m\u00fcmk\u00fcn olur. Y\u00fczlerce f\u0131rsat\u0131 do\u011fru yakalay\u0131p, do\u011fru y\u00f6nettikten sonra, g\u00fc\u00e7lenip, milli devleti kurmaya haz\u0131r olaca\u011f\u0131z. Yeterince g\u00fc\u00e7l\u00fc ve haz\u0131rl\u0131kl\u0131 olursak, b\u00fcy\u00fck f\u0131rsatlar yakalay\u0131p ya da yarat\u0131p, b\u00fcy\u00fck hareketler ba\u015flatabiliriz. O zaman, tarihi de\u011fi\u015fiklikler, d\u00fcnyan\u0131n g\u00fc\u00e7 dinamiklerindeki de\u011fi\u015fiklikler, sava\u015flar, beklenmedik olaylar, b\u00fcy\u00fck halk isyanlar\u0131 ve benzeri f\u0131rsatlar\u0131 yakalay\u0131p, elimizdeki g\u00fc\u00e7 ve planlar\u0131m\u0131z ile, G\u00fcney Azerbaycan&#8217;da y\u00f6netimi ele ge\u00e7irip, milli h\u00fck\u00fcmeti kurabiliriz.<\/p>\n\n\n\n<p>T\u00fcm planlar\u0131m\u0131zda ve taktiklerimizde milli hareketimizin taban\u0131 yani sosyal taban\u0131n\u0131n korunmas\u0131na da dikkat etmeliyiz. Bir hareketin taban\u0131, onu temsil eden siyasi elit ve organizasyonlar taraf\u0131ndan desteklenip, sahip \u00e7\u0131k\u0131lmazsa, o hareket ve taban kitleye, ba\u015fkalar\u0131 sahip \u00e7\u0131kar ve kendi istedikleri y\u00f6nde y\u00f6nlendirir. T\u00fcm faaliyetlerimizde, T\u00fcrk dilinde ve Azerbaycan ile ilgili konu\u015fmalar ve sloganlar\u0131m\u0131z olmal\u0131d\u0131r. Milli hareketi yans\u0131tan semboller ve bayraklar\u0131 \u00f6ne \u00e7\u0131karmal\u0131y\u0131z. Milletimizin hareket ve eylemlerine sahip \u00e7\u0131k\u0131p, zaferlerini (ne kadar k\u00fc\u00e7\u00fck olursa olsun) kutlamal\u0131y\u0131z.<\/p>\n","protected":false},"excerpt":{"rendered":"<p>Plan ve taktikalar\u0131m\u0131z genellikle &#8220;F\u0131rsat yarat, F\u0131rsat\u0131 yakala ve F\u0131rsat\u0131 y\u00f6net&#8221; \u015feklinde olmal\u0131d\u0131r. F\u0131rsatlar farkl\u0131 \u015fekillerde ortaya \u00e7\u0131kabilir. Bazen d\u00fc\u015fman, fark\u0131nda olmadan hata yaparak bize f\u0131rsat yaratabilir. D\u00fc\u015fman hata yapt\u0131\u011f\u0131nda, s\u00f6z\u00fcn\u00fc kesmeyip, bunu bir f\u0131rsat olarak de\u011ferlendirmeliyiz. Ancak \u015funu da bilmeliyiz ki, umut bir strateji de\u011fildir, oturup f\u0131rsatlar\u0131 beklemek olmaz. Ger\u00e7ek f\u0131rsatlar\u0131 kendimiz yaratmal\u0131y\u0131z. Her [&hellip;]<\/p>\n","protected":false},"author":1,"featured_media":0,"parent":311,"menu_order":0,"comment_status":"open","ping_status":"closed","template":"danulduzu","meta":{"footnotes":""},"class_list":["post-321","page","type-page","status-publish","hentry"],"_links":{"self":[{"href":"https:\/\/www.guneyazerbaycan.org\/tr\/wp-json\/wp\/v2\/pages\/321","targetHints":{"allow":["GET"]}}],"collection":[{"href":"https:\/\/www.guneyazerbaycan.org\/tr\/wp-json\/wp\/v2\/pages"}],"about":[{"href":"https:\/\/www.guneyazerbaycan.org\/tr\/wp-json\/wp\/v2\/types\/page"}],"author":[{"embeddable":true,"href":"https:\/\/www.guneyazerbaycan.org\/tr\/wp-json\/wp\/v2\/users\/1"}],"replies":[{"embeddable":true,"href":"https:\/\/www.guneyazerbaycan.org\/tr\/wp-json\/wp\/v2\/comments?post=321"}],"version-history":[{"count":5,"href":"https:\/\/www.guneyazerbaycan.org\/tr\/wp-json\/wp\/v2\/pages\/321\/revisions"}],"predecessor-version":[{"id":532,"href":"https:\/\/www.guneyazerbaycan.org\/tr\/wp-json\/wp\/v2\/pages\/321\/revisions\/532"}],"up":[{"embeddable":true,"href":"https:\/\/www.guneyazerbaycan.org\/tr\/wp-json\/wp\/v2\/pages\/311"}],"wp:attachment":[{"href":"https:\/\/www.guneyazerbaycan.org\/tr\/wp-json\/wp\/v2\/media?parent=321"}],"curies":[{"name":"wp","href":"https:\/\/api.w.org\/{rel}","templated":true}]}}