{"id":329,"date":"2025-01-03T22:26:03","date_gmt":"2025-01-03T22:26:03","guid":{"rendered":"https:\/\/www.guneyazerbaycan.org\/tr\/?page_id=329"},"modified":"2025-02-02T16:27:18","modified_gmt":"2025-02-02T16:27:18","slug":"genel-stratejiler","status":"publish","type":"page","link":"https:\/\/www.guneyazerbaycan.org\/tr\/dan-ulduzu\/guney-azerbaycan-milli-hereketi-stratejileri\/genel-stratejiler\/","title":{"rendered":"Genel Stratejiler"},"content":{"rendered":"\n<p>G\u00fc\u00e7, de\u011fi\u015fiklik yaratma ve hedefe ula\u015fma kabiliyetidir ve g\u00fcce her zaman ihtiyac\u0131m\u0131z var. G\u00fc\u00e7lenip, milli hedefimize ula\u015fmak, ancak ilkelerimiz ve stratejilerimiz do\u011frultusunda harekete ge\u00e7mekle olur. Bunun i\u00e7in stratejilerimizin birinci temeli, devlet kurabilecek seviyede g\u00fc\u00e7lenmek ve \u0130ran devletinin otoritesini G\u00fcney Azerbaycan&#8217;da zay\u0131flat\u0131p, yok etmek olmal\u0131d\u0131r. Stratejilerimizin di\u011fer temeli ise, etkili bir anlat\u0131mla, hem t\u00fcm halk\u0131m\u0131za hem de uluslararas\u0131 topluma, milli hareketimizin ulusal adaletsizliklere kar\u015f\u0131, adil ve demokratik bir hareket oldu\u011funu anlat\u0131p, G\u00fcney Azerbaycan devletinin kurulmas\u0131n\u0131n ge\u00e7erli, makul ve gerekli oldu\u011funa inand\u0131rmak olmal\u0131d\u0131r.<\/p>\n\n\n\n<p>Her milli aktivist ve organizasyon, kendi imkanlar\u0131 \u00e7er\u00e7evesinde kendine \u00f6zg\u00fc stratejiler planlay\u0131p, o stratejiler do\u011frultusunda harekete ge\u00e7melidir. Her faaliyetten sonra da kendi stratejileri do\u011frultusunda onu de\u011ferlendirmelidir. Stratejilerimiz, taktiklerimizin ba\u015far\u0131 \u00f6l\u00e7\u00fcs\u00fcd\u00fcr. Yapt\u0131\u011f\u0131m\u0131z i\u015f, ne kadar stratejilerimiz do\u011frultusunda ilerlemeye sebep olmu\u015fsa o kadar ba\u015far\u0131l\u0131d\u0131r. Stratejilerimiz ne kadar g\u00fczel olursa olsun, ara s\u0131ra sonu\u00e7lar\u0131na bakmal\u0131y\u0131z. Strateji, \u015fartlar\u0131n de\u011fi\u015fmesine uygun olmal\u0131 ve gerekirse yeniden g\u00f6zden ge\u00e7irilmelidir.<\/p>\n\n\n\n<p>Stratejiler ve planlar genellikle gizli olur ve a\u00e7\u0131k \u015fekilde beyan etmeye gerek yoktur. Ancak burada d\u00fcnyada ba\u015far\u0131l\u0131 milli hareketlerin ortak stratejilerinin en \u00f6nemlilerini ele al\u0131p, G\u00fcney Azerbaycan milli hareketine uygun bir \u015fekilde beyan edece\u011fiz. Bu stratejiler gizli bir \u015fey de\u011fil ve milli hareketimizde de bir\u00e7ok faaliyetler bu stratejiler do\u011frultusunda olmu\u015ftur ve olmaktad\u0131r:<\/p>\n\n\n\n<p>Milletini seferber et G\u00fcney Azerbaycan&#8217;da merkezile\u015fmi\u015f \u00f6rg\u00fctlenme imkan\u0131 olmad\u0131\u011f\u0131 i\u00e7in, milli m\u00fccadelemiz ancak g\u00fc\u00e7l\u00fc a\u011flar, taban \u00f6rg\u00fctlenmesi ve seferberlik ile amaca ula\u015fabilir. Mitingler, protestolar, oturma eylemleri, k\u00fclt\u00fcrel programlar ve di\u011fer faaliyetler a\u011flar\u0131m\u0131z\u0131 geni\u015fletmek i\u00e7in \u00e7ok \u00f6nemli taktiklerdir. Bunun yan\u0131nda sosyal medya arac\u0131l\u0131\u011f\u0131yla daha geni\u015f kitlelere ula\u015f\u0131p, milletimizi seferber edebiliriz.<\/p>\n\n\n\n<ul class=\"wp-block-list\">\n<li><strong>Milleti siyasalla\u015ft\u0131r ve harekete ge\u00e7ir<\/strong><\/li>\n<\/ul>\n\n\n\n<p>\u0130ran h\u00fck\u00fcmetleri bilin\u00e7li olarak halk\u0131m\u0131za siyasetin faydas\u0131z ve tehlikeli oldu\u011funu telkin edip, onlar\u0131 pasifle\u015ftirmeye \u00e7al\u0131\u015f\u0131r. Bunun i\u00e7in, milli hareketimizin temel stratejilerinden biri milleti aktif siyasete ve siyasi faaliyete \u00e7ekmektir. Milletin kalbini ve zihnini kazan\u0131p, onlar\u0131 hareketin aktivistleri ve yarat\u0131c\u0131lar\u0131 yapmal\u0131y\u0131z. Taktiklerimiz ne kadar halk\u0131m\u0131z\u0131 siyasalla\u015ft\u0131r\u0131p, milli m\u00fccadeleye \u00e7ekip, harekete ge\u00e7irirse, o kadar ba\u015far\u0131l\u0131 say\u0131l\u0131r.<\/p>\n\n\n\n<ul class=\"wp-block-list\">\n<li><strong>\u0130ranc\u0131l\u0131\u011f\u0131n ideolojik n\u00fcfuzunu \u00e7\u00fcr\u00fct<\/strong><\/li>\n<\/ul>\n\n\n\n<p> &#8220;\u0130ran&#8217;da ya\u015fayan halklar bir millettir, ortak kaderi var ve ortak dili Fars\u00e7ad\u0131r&#8221; bu c\u00fcmle, \u0130ranc\u0131l\u0131k teorisinin temelini olu\u015fturur. Bu yanl\u0131\u015f teori, G\u00fcney Azerbaycan&#8217;\u0131n s\u00f6m\u00fcr\u00fclmesi ve s\u00f6m\u00fcrge olarak kalmas\u0131n\u0131n temel sebebidir. Milletimiz bu teoriye inand\u0131\u011f\u0131 s\u00fcrece, harekete ge\u00e7mez ve kendi kaderini kendi eline almaz. Bunun i\u00e7in bu teorinin yanl\u0131\u015f oldu\u011funu halk\u0131m\u0131za g\u00f6sterip, \u00e7\u00fcr\u00fct\u00fcp, yok etmeliyiz. Farkl\u0131 taktiklerle G\u00fcney Azerbaycan&#8217;\u0131n farkl\u0131 millet oldu\u011funu, \u0130ran&#8217;\u0131n di\u011fer halklar\u0131 ile ayn\u0131 \u00e7\u0131karlar\u0131 ve kaderi olmad\u0131\u011f\u0131n\u0131, hatta \u0131rk\u00e7\u0131 \u0130ran devletinin T\u00fcrk d\u00fc\u015fman\u0131 oldu\u011funu ve milletimizin Fars diline de\u011fil, kendi T\u00fcrk dili ve k\u00fclt\u00fcr\u00fcne ba\u011fl\u0131 oldu\u011funu g\u00f6sterip herkesi inand\u0131rmal\u0131y\u0131z. Aktivistlerimiz de bu teorinin do\u011frultusunda kurulmu\u015f faaliyet ve birliklerden uzak durmal\u0131d\u0131r.<\/p>\n\n\n\n<ul class=\"wp-block-list\">\n<li><strong>\u0130ran&#8217;\u0131n otoritesini G\u00fcney Azerbaycan&#8217;da zay\u0131flat<\/strong><\/li>\n<\/ul>\n\n\n\n<p>S\u00f6m\u00fcrgeci devletler s\u00f6m\u00fcrgelerini, yerel insanlar\u0131n yard\u0131m\u0131 ile y\u00f6netirler. Bunun i\u00e7in, s\u00f6m\u00fcrgecinin propagandas\u0131na inanm\u0131\u015f, onu g\u00fc\u00e7l\u00fc ve adil bilen yerel insanlar\u0131 se\u00e7ip, onlar\u0131n vas\u0131tas\u0131yla otoritelerini sa\u011flarlar. Her ba\u015far\u0131l\u0131 milli hareketin en \u00f6nemli stratejilerinden biri, kendinden olan ama d\u00fc\u015fmana \u00e7al\u0131\u015fan evlatlar\u0131n\u0131n \u00fczerinde d\u00fc\u015fman\u0131n hakimiyetini zay\u0131flatmak ve milli hareketine \u00e7ekmek, ya da en az\u0131ndan s\u00f6m\u00fcrgeciye olan ba\u011fl\u0131l\u0131\u011f\u0131n\u0131 ve itaatini azaltmakt\u0131r. \u0130ran&#8217;\u0131n devlet organlar\u0131nda \u00e7al\u0131\u015fan, G\u00fcney Azerbaycanl\u0131 b\u00fcrokratlar, i\u015f\u00e7iler, \u00f6\u011fretmenler, y\u00f6neticiler, polisler, sepahiler, askerler, hakimler, istihbarat memurlar\u0131 ve di\u011ferlerinde, ne kadar \u0130ran ba\u011f\u0131 azal\u0131p, milli d\u00fc\u015f\u00fcnce \u00e7o\u011fal\u0131rsa, \u0130ran&#8217;\u0131n G\u00fcney Azerbaycan&#8217;\u0131 y\u00f6netme kabiliyeti o kadar azalacak ve otoritesi de o kadar zay\u0131flayacakt\u0131r.<\/p>\n\n\n\n<p><strong>Diplomasi ile hareketine me\u015fruiyet ve destek kazan<\/strong> Milli hareketimizin me\u015fruiyeti, resmiyete tan\u0131nmas\u0131 ve \u00f6n\u00fcn\u00fcn a\u00e7\u0131lmas\u0131na \u00e7al\u0131\u015fmal\u0131y\u0131z. Bunun i\u00e7in yabanc\u0131 \u00fclkeler, uluslararas\u0131 organizasyonlar ve insan haklar\u0131n\u0131 savunan gruplarla ileti\u015fime ge\u00e7meliyiz. Lobicilik, kampanyalar, bas\u0131n b\u00fcltenleri, medya r\u00f6portajlar\u0131 ve sosyal medya dalgalar\u0131 ile, uluslararas\u0131 alg\u0131y\u0131 G\u00fcney Azerbaycan lehine \u015fekillendirmeliyiz. G\u00fcney Azerbaycan&#8217;da insan haklar\u0131 ihlali ve di\u011fer su\u00e7lar ile ilgili, uluslararas\u0131 mahkemelere ve kurumlara ba\u015fvurmal\u0131y\u0131z. Ve benzeri.<\/p>\n","protected":false},"excerpt":{"rendered":"<p>G\u00fc\u00e7, de\u011fi\u015fiklik yaratma ve hedefe ula\u015fma kabiliyetidir ve g\u00fcce her zaman ihtiyac\u0131m\u0131z var. G\u00fc\u00e7lenip, milli hedefimize ula\u015fmak, ancak ilkelerimiz ve stratejilerimiz do\u011frultusunda harekete ge\u00e7mekle olur. Bunun i\u00e7in stratejilerimizin birinci temeli, devlet kurabilecek seviyede g\u00fc\u00e7lenmek ve \u0130ran devletinin otoritesini G\u00fcney Azerbaycan&#8217;da zay\u0131flat\u0131p, yok etmek olmal\u0131d\u0131r. Stratejilerimizin di\u011fer temeli ise, etkili bir anlat\u0131mla, hem t\u00fcm halk\u0131m\u0131za hem [&hellip;]<\/p>\n","protected":false},"author":1,"featured_media":0,"parent":311,"menu_order":0,"comment_status":"open","ping_status":"closed","template":"danulduzu","meta":{"footnotes":""},"class_list":["post-329","page","type-page","status-publish","hentry"],"_links":{"self":[{"href":"https:\/\/www.guneyazerbaycan.org\/tr\/wp-json\/wp\/v2\/pages\/329","targetHints":{"allow":["GET"]}}],"collection":[{"href":"https:\/\/www.guneyazerbaycan.org\/tr\/wp-json\/wp\/v2\/pages"}],"about":[{"href":"https:\/\/www.guneyazerbaycan.org\/tr\/wp-json\/wp\/v2\/types\/page"}],"author":[{"embeddable":true,"href":"https:\/\/www.guneyazerbaycan.org\/tr\/wp-json\/wp\/v2\/users\/1"}],"replies":[{"embeddable":true,"href":"https:\/\/www.guneyazerbaycan.org\/tr\/wp-json\/wp\/v2\/comments?post=329"}],"version-history":[{"count":7,"href":"https:\/\/www.guneyazerbaycan.org\/tr\/wp-json\/wp\/v2\/pages\/329\/revisions"}],"predecessor-version":[{"id":543,"href":"https:\/\/www.guneyazerbaycan.org\/tr\/wp-json\/wp\/v2\/pages\/329\/revisions\/543"}],"up":[{"embeddable":true,"href":"https:\/\/www.guneyazerbaycan.org\/tr\/wp-json\/wp\/v2\/pages\/311"}],"wp:attachment":[{"href":"https:\/\/www.guneyazerbaycan.org\/tr\/wp-json\/wp\/v2\/media?parent=329"}],"curies":[{"name":"wp","href":"https:\/\/api.w.org\/{rel}","templated":true}]}}